{"id":3,"date":"2022-10-03T08:13:17","date_gmt":"2022-10-03T13:13:17","guid":{"rendered":"https:\/\/fifarma.org\/?page_id=3"},"modified":"2024-02-20T09:36:30","modified_gmt":"2024-02-20T14:36:30","slug":"politica-privacidad","status":"publish","type":"page","link":"https:\/\/fifarma.org\/pt\/politica-de-privacidade\/","title":{"rendered":"Pol\u00edtica de privacidade"},"content":{"rendered":"<div style=\"height:92px\" aria-hidden=\"true\" class=\"wp-block-spacer\"><\/div>\n\n\n\n<h3 class=\"wp-block-heading\">Aviso de privacidade<\/h3>\n\n\n\n<p>Em conformidade com as disposi\u00e7\u00f5es da Lei Federal sobre a Prote\u00e7\u00e3o de Dados Pessoais Mantidos por Indiv\u00edduos, disponibilizamos este Aviso de Privacidade para voc\u00ea nos seguintes termos:<\/p>\n\n\n\n<div style=\"height:53px\" aria-hidden=\"true\" class=\"wp-block-spacer\"><\/div>\n\n\n\n<h4 class=\"wp-block-heading\">Respons\u00e1vel pela Prote\u00e7\u00e3o de Dados Pessoais<\/h4>\n\n\n\n<p><a>A Federa\u00e7\u00e3o Latino-Americana da Ind\u00fastria Farmac\u00eautica, A.C. (FIFARMA) com escrit\u00f3rios localizados em Porfirio D\u00edaz n\u00famero 102, Colonia del Valle, C.P. 03100, Benito Ju\u00e1rez, na Cidade do M\u00e9xico.<\/a><\/p>\n\n\n\n<p>A pessoa respons\u00e1vel pelo processamento de dados pessoais \u00e9 Mar\u00eda Alejandra De Guzm\u00e1n, que pode ser contatada no seguinte e-mail: <a href=\"mailto:madeguzman@fifarma.org\">madeguzman@fifarma.org, <\/a>ou nos escrit\u00f3rios localizados em Porfirio D\u00edaz n\u00famero 102, Colonia del Valle, C.P. 03100, Benito Ju\u00e1rez, na Cidade do M\u00e9xico.<\/p>\n\n\n\n<div style=\"height:53px\" aria-hidden=\"true\" class=\"wp-block-spacer\"><\/div>\n\n\n\n<h4 class=\"wp-block-heading\">Dados pessoais coletados pela FIFARMA<\/h4>\n\n\n\n<p>Para cumprir as finalidades do processamento indicadas neste Aviso de Privacidade para eventos e atividades, \u00e9 necess\u00e1rio que a FIFARMA processe as seguintes categorias de dados pessoais.<\/p>\n\n\n\n<ol class=\"wp-block-list\" type=\"a\">\n<li>Nome<\/li>\n\n\n\n<li>Domic\u00edlio<\/li>\n\n\n\n<li>Telefone residencial, telefone do escrit\u00f3rio ou telefone celular<\/li>\n\n\n\n<li>E-mail<\/li>\n\n\n\n<li>Identifidade (ID)<\/li>\n\n\n\n<li>Passaporte<\/li>\n\n\n\n<li>CURP<\/li>\n\n\n\n<li>Visto<\/li>\n\n\n\n<li>Sexo<\/li>\n\n\n\n<li>Data e local de nascimento<\/li>\n\n\n\n<li>Detalhes financeiros (n\u00famero do cart\u00e3o de d\u00e9bito ou cr\u00e9dito e nome do banco)<\/li>\n\n\n\n<li>Registro Federal de Contribuintes<\/li>\n<\/ol>\n\n\n\n<p>Coletamos dados de voc\u00ea de forma pessoal, livre e volunt\u00e1ria quando voc\u00ea entra em contato conosco para solicitar o servi\u00e7o.<\/p>\n\n\n\n<p><a><strong>Dados pessoais confidenciais<\/strong><\/a><strong><\/strong><\/p>\n\n\n\n<p>Informamos que a FIFARMA n\u00e3o solicita dados pessoais confidenciais.<\/p>\n\n\n\n<div style=\"height:53px\" aria-hidden=\"true\" class=\"wp-block-spacer\"><\/div>\n\n\n\n<h4 class=\"wp-block-heading\">Objetivo do uso de dados pessoais<\/h4>\n\n\n\n<ol class=\"wp-block-list\" type=\"a\">\n<li><strong>Objetivos prim\u00e1rios<\/strong><strong><\/strong><\/li>\n<\/ol>\n\n\n\n<ol class=\"wp-block-list\" type=\"i\">\n<li>Captura de dados no banco de dados da FIFARMA, que possui medidas administrativas, f\u00edsicas e t\u00e9cnicas de seguran\u00e7a para a salvaguarda e prote\u00e7\u00e3o de informa\u00e7\u00f5es pessoais<\/li>\n\n\n\n<li>Meios de identifica\u00e7\u00e3o da pessoa<\/li>\n\n\n\n<li>M\u00eddia<\/li>\n\n\n\n<li>Gera\u00e7\u00e3o de dados estat\u00edsticos<\/li>\n\n\n\n<li>Meios de identifica\u00e7\u00e3o<\/li>\n\n\n\n<li>Cobran\u00e7a e faturamento de servi\u00e7os<\/li>\n<\/ol>\n\n\n\n<ul class=\"wp-block-list\">\n<li><strong>Objetivos secund\u00e1rios<\/strong><strong><\/strong><\/li>\n<\/ul>\n\n\n\n<p>Seus dados pessoais podem ser usados para fins de marketing, publicidade ou prospec\u00e7\u00e3o comercial. Voc\u00ea tem um per\u00edodo m\u00e1ximo de cinco dias \u00fateis para, se aplic\u00e1vel, expressar sua recusa em processar seus dados pessoais com rela\u00e7\u00e3o a essas multas, enviando um e-mail para madeguzman@fifarma.org ou para o endere\u00e7o da FIFARMA.<\/p>\n\n\n\n<div style=\"height:53px\" aria-hidden=\"true\" class=\"wp-block-spacer\"><\/div>\n\n\n\n<h4 class=\"wp-block-heading\">Transfer\u00eancias de dados nacionais e internacionais<\/h4>\n\n\n\n<p>Observe que voc\u00ea autoriza expressamente a FIFARMA a transmitir c\u00f3pias eletr\u00f4nicas e f\u00edsicas de suas identifica\u00e7\u00f5es oficiais e de todo e qualquer documento necess\u00e1rio para identific\u00e1-lo, a qualquer autoridade que o exija, a qualquer momento e de qualquer forma. A FIFARMA transmitir\u00e1 os dados que voc\u00ea forneceu ou que tenha recebido legitimamente, independentemente da fonte, quando exigido por uma ordem de uma autoridade judicial. Ao fornecer dados pessoais, incluindo dados pessoais confidenciais, voc\u00ea isenta a FIFARMA de qualquer responsabilidade que possa incorrer pela coleta ou tentativa de transmitir seus dados de acordo com a presta\u00e7\u00e3o do servi\u00e7o que voc\u00ea recebe. Ressaltamos que a FIFARMA n\u00e3o solicita dados pessoais sens\u00edveis.<\/p>\n\n\n\n<p>Seus dados pessoais podem ser transferidos e processados dentro e fora do pa\u00eds por outras pessoas que n\u00e3o esta empresa. Nesse sentido, suas informa\u00e7\u00f5es podem ser compartilhadas com nossos anunciantes, patrocinadores, publicit\u00e1rios, contratados, parceiros de neg\u00f3cios e\/ou terceiros com os quais a FIFARMA manteve ou mant\u00e9m v\u00e1rios acordos comerciais, tanto no territ\u00f3rio nacional quanto no exterior, para enviar, a crit\u00e9rio da FIFARMA, notifica\u00e7\u00e3o de ofertas, an\u00fancios, publicidade e\/ou mensagens promocionais de acordo com seus interesses espec\u00edficos, sejam eles pr\u00f3prios ou de terceiros, para fornecer dados estat\u00edsticos a potenciais anunciantes ou para facilitar as comunica\u00e7\u00f5es para fins de marketing, publicidade ou telemarketing, realizar pesquisas de mercado, desenvolver programas de benef\u00edcios e incentivos e, em geral, para melhorar nossos servi\u00e7os.<\/p>\n\n\n\n<p>Suas informa\u00e7\u00f5es pessoais tamb\u00e9m podem ser transferidas, armazenadas e processadas em um pa\u00eds diferente daquele de onde foram fornecidas. Se o fizermos, transferiremos as informa\u00e7\u00f5es de acordo com as leis de prote\u00e7\u00e3o de dados aplic\u00e1veis. Tomamos medidas para proteger as informa\u00e7\u00f5es pessoais, independentemente do pa\u00eds em que elas s\u00e3o armazenadas ou transferidas. Temos procedimentos e controles apropriados para garantir essa prote\u00e7\u00e3o.<\/p>\n\n\n\n<p>Voc\u00ea pode se opor ao processamento de seus dados para fins secund\u00e1rios a qualquer momento, atrav\u00e9s dos meios que disponibilizamos para voc\u00ea exercer seus direitos ARCO (Direitos de Acesso, Retifica\u00e7\u00e3o, Cancelamento e Oposi\u00e7\u00e3o). Se voc\u00ea n\u00e3o se opuser ao processamento de seus dados pessoais para fins secund\u00e1rios dentro de cinco dias \u00fateis a partir da coleta de seus dados, considera-se que voc\u00ea deu seu consentimento.<\/p>\n\n\n\n<div style=\"height:53px\" aria-hidden=\"true\" class=\"wp-block-spacer\"><\/div>\n\n\n\n<h4 class=\"wp-block-heading\">Limita\u00e7\u00e3o do uso ou divulga\u00e7\u00e3o de dados pessoais<\/h4>\n\n\n\n<p>Os dados pessoais ser\u00e3o coletados pela FIFARMA quando voc\u00ea entrar em contato com ela, trabalhar ou fornecer seus servi\u00e7os \u00e0 FIFARMA, quando voc\u00ea participar de conven\u00e7\u00f5es, confer\u00eancias, reuni\u00f5es de trabalho ou qualquer evento organizado pela FIFARMA, ou quando voc\u00ea chamar para alguns dos servi\u00e7os de telefone ou Internet dispon\u00edveis para terceiros para esclarecimentos e coment\u00e1rios.<\/p>\n\n\n\n<p>Como propriet\u00e1rio dos dados pessoais, voc\u00ea \u00e9 respons\u00e1vel por garantir a veracidade e integridade desses dados, liberando a FIFARMA de qualquer responsabilidade por seu conte\u00fado.<\/p>\n\n\n\n<p>Se voc\u00ea deseja declarar uma limita\u00e7\u00e3o ao uso ou divulga\u00e7\u00e3o dos dados pessoais fornecidos por voc\u00ea, a serem processados de acordo com as disposi\u00e7\u00f5es deste aviso de privacidade, voc\u00ea deve enviar sua solicita\u00e7\u00e3o por escrito para Mar\u00eda Alejandra De Guzm\u00e1n, para os escrit\u00f3rios da FIFARMA ou para o <a href=\"mailto:madeguzman@fifarma.org\">correo electr\u00f3nico madeguzman@fifarma.org, <\/a>no qual voc\u00ea dever\u00e1 especificar o seguinte:<\/p>\n\n\n\n<ol class=\"wp-block-list\" type=\"a\">\n<li>Nome do propriet\u00e1rio dos dados pessoais<\/li>\n\n\n\n<li>Identifica\u00e7\u00e3o do propriet\u00e1rio dos dados pessoais<\/li>\n\n\n\n<li>Um meio de resposta para inform\u00e1-lo sobre sua solicita\u00e7\u00e3o<\/li>\n\n\n\n<li>Uma descri\u00e7\u00e3o clara e precisa dos dados pessoais em rela\u00e7\u00e3o aos quais \u00e9 solicitada a restri\u00e7\u00e3o de uso ou divulga\u00e7\u00e3o<\/li>\n<\/ol>\n\n\n\n<div style=\"height:53px\" aria-hidden=\"true\" class=\"wp-block-spacer\"><\/div>\n\n\n\n<h4 class=\"wp-block-heading\">Exerc\u00edcio dos direitos de acesso, retifica\u00e7\u00e3o, cancelamento e oposi\u00e7\u00e3o de dados pessoais (direitos ARCO)<\/h4>\n\n\n\n<p>O exerc\u00edcio dos direitos de acesso, retifica\u00e7\u00e3o, cancelamento e oposi\u00e7\u00e3o de dados pessoais \u00e9 realizado mediante o envio da solicita\u00e7\u00e3o correspondente em espanhol, que deve ser enviada aos escrit\u00f3rios localizados em Porfirio D\u00edaz No. 102, Colonia del Valle, CP 03100, Delega\u00e7\u00e3o Benito Ju\u00e1rez na Cidade do M\u00e9xico, \u00e0 aten\u00e7\u00e3o de Mar\u00eda Alejandra De Guzm\u00e1n; ou envie-a por e-mail para o seguinte endere\u00e7o:<a href=\"mailto:madeguzman@fifarma.org\"> madeguzman@fifarma.org.<\/a><\/p>\n\n\n\n<p>A solicita\u00e7\u00e3o para exercer os direitos da ARCO conter\u00e1 as seguintes informa\u00e7\u00f5es:<\/p>\n\n\n\n<ol class=\"wp-block-list\" type=\"a\">\n<li>Nome do propriet\u00e1rio dos dados pessoais<\/li>\n\n\n\n<li>Identifica\u00e7\u00e3o do propriet\u00e1rio dos dados pessoais<\/li>\n\n\n\n<li>Um meio de resposta para inform\u00e1-lo sobre sua solicita\u00e7\u00e3o<\/li>\n\n\n\n<li>Una descripci\u00f3n clara y precisa de los datos personales respecto de los cuales se solicita el ejercicio de cualquiera de los derechos ARCO<\/li>\n<\/ol>\n\n\n\n<p>Para obter mais informa\u00e7\u00f5es sobre como exercer os direitos da ARCO, entre em contato com Mar\u00eda Alejandra De Guzm\u00e1n pelo telefone (55) 54881957.<\/p>\n\n\n\n<p>O prazo para responder \u00e0 sua solicita\u00e7\u00e3o ser\u00e1 de no m\u00e1ximo vinte dias a partir da data de recebimento de sua solicita\u00e7\u00e3o de acesso, retifica\u00e7\u00e3o, cancelamento ou obje\u00e7\u00e3o.<\/p>\n\n\n\n<div style=\"height:53px\" aria-hidden=\"true\" class=\"wp-block-spacer\"><\/div>\n\n\n\n<h4 class=\"wp-block-heading\">Direito de revogar seu consentimento para o processamento de dados<\/h4>\n\n\n\n<p>En cualquier momento puede revocar el consentimiento que nos ha otorgado para el tratamiento de los datos personales, con la finalidad de detener el uso de los mismos; por lo tanto, es necesario presentar su solicitud como se indica en la secci\u00f3n &#8220;Limitaci\u00f3n del uso o divulgaci\u00f3n de datos personales&#8221; del presente Aviso de Privacidad.<\/p>\n\n\n\n<p>Sua solicita\u00e7\u00e3o deve conter seu nome completo (nome ou nomes e sobrenomes), uma c\u00f3pia simples de sua identifica\u00e7\u00e3o oficial ou, se estiver em m\u00eddia eletr\u00f4nica, uma vers\u00e3o digitalizada (escaneada), indica\u00e7\u00e3o do e-mail ou endere\u00e7o f\u00edsico designado para notifica\u00e7\u00f5es e um n\u00famero de telefone de contato, bem como uma descri\u00e7\u00e3o clara e precisa dos dados pessoais para os quais voc\u00ea deseja revogar seu consentimento.<\/p>\n\n\n\n<p>Dentro de vinte dias, responderemos sobre o conte\u00fado da solicita\u00e7\u00e3o, pelos meios que voc\u00ea indicou em sua solicita\u00e7\u00e3o ou enviando uma carta para o endere\u00e7o f\u00edsico que voc\u00ea indicou para esse fim. (O prazo ser\u00e1 estendido da data em que tomarmos conhecimento de sua solicita\u00e7\u00e3o at\u00e9 a data em que o documento for entregue ao servi\u00e7o postal ou o e-mail correspondente for enviado).<\/p>\n\n\n\n<p>Da mesma forma, informamos que ap\u00f3s o per\u00edodo de um ano a partir da data em que a FIFARMA n\u00e3o exige que suas informa\u00e7\u00f5es cumpram suas obriga\u00e7\u00f5es com rela\u00e7\u00e3o ao relacionamento que a vincula a voc\u00ea, a FIFARMA se reserva o direito de cancelar o banco de dados contendo seus dados pessoais e poder\u00e1 exclu\u00ed-los e, nesse caso, destruir qualquer meio f\u00edsico ou eletr\u00f4nico que possa cont\u00ea-los.<\/p>\n\n\n\n<div style=\"height:53px\" aria-hidden=\"true\" class=\"wp-block-spacer\"><\/div>\n\n\n\n<h4 class=\"wp-block-heading\">Informa\u00e7\u00f5es financeiras<\/h4>\n\n\n\n<p>A FIFARMA pode usar suas informa\u00e7\u00f5es financeiras para verificar se voc\u00ea atende aos requisitos cobertos pelas institui\u00e7\u00f5es financeiras do pa\u00eds para realizar vendas e outras transa\u00e7\u00f5es com efici\u00eancia, entregar os bens e servi\u00e7os solicitados, inscrev\u00ea-lo em descontos, reembolsos e outros programas dos quais voc\u00ea escolher participar e realizar o controle de qualidade. Em alguns casos, podemos usar suas informa\u00e7\u00f5es financeiras e, como resultado, podemos fornec\u00ea-las aos prestadores de servi\u00e7os para nos ajudar a realizar algumas dessas tarefas. Nesses casos, exigimos que os prestadores de servi\u00e7os firmem acordos conosco em rela\u00e7\u00e3o ao tratamento confidencial de suas informa\u00e7\u00f5es, que devem ser pelo menos iguais ao tratamento das informa\u00e7\u00f5es pela FIFARMA. Tamb\u00e9m podemos fornecer suas informa\u00e7\u00f5es financeiras a emissores de cart\u00f5es de cr\u00e9dito, institui\u00e7\u00f5es financeiras ou processadores de cart\u00e3o de cr\u00e9dito para processar transa\u00e7\u00f5es e para outros fins. A FIFARMA n\u00e3o \u00e9 respons\u00e1vel ou, de qualquer outra forma, legalmente respons\u00e1vel por qualquer uso ou divulga\u00e7\u00e3o de suas informa\u00e7\u00f5es financeiras por terceiros com quem a FIFARMA possa divulgar suas informa\u00e7\u00f5es financeiras de acordo com este aviso de privacidade.<\/p>\n\n\n\n<div style=\"height:53px\" aria-hidden=\"true\" class=\"wp-block-spacer\"><\/div>\n\n\n\n<h4 class=\"wp-block-heading\">Uso de cookies<\/h4>\n\n\n\n<p>Le informamos que cuando accede a nuestro portal de Internet, a trav\u00e9s de sus cookies y las balizas web recibimos informaci\u00f3n como su tipo de navegador y sistema operativo, las p\u00e1ginas de Internet que visit\u00f3 recientemente, los enlaces seguidos recientemente, la direcci\u00f3n IP de su ordenador, el sitio que cerr\u00f3 antes de entrar en nuestro portal de Internet, etc.<\/p>\n\n\n\n<p>Para os fins deste Aviso de Privacidade, entende-se o seguinte:<\/p>\n\n\n\n<p>Cookies- S\u00e3o arquivos de texto que s\u00e3o automaticamente baixados e armazenados no disco r\u00edgido do computador do usu\u00e1rio para navegar em uma p\u00e1gina espec\u00edfica ou portal da Internet, permitindo que o servidor da Web armazene determinados dados, incluindo p\u00e1ginas favoritas para visualiza\u00e7\u00e3o na Internet, incluindo algumas senhas.<\/p>\n\n\n\n<p>Web beacon- Imagens inseridas em sites ou portais, bem como e-mails e, entre outras, que podem armazenar informa\u00e7\u00f5es sobre o endere\u00e7o IP do usu\u00e1rio, o tempo de intera\u00e7\u00e3o em sites, etc.<\/p>\n\n\n\n<p>Voc\u00ea pode adaptar a configura\u00e7\u00e3o dos cookies, entendendo que bloque\u00e1-los pode resultar na opera\u00e7\u00e3o limitada do site. Para obter mais informa\u00e7\u00f5es, entre em contato com madeguzman@fifarma.org ou no endere\u00e7o da FIFARMA.<\/p>\n\n\n\n<div style=\"height:53px\" aria-hidden=\"true\" class=\"wp-block-spacer\"><\/div>\n\n\n\n<h4 class=\"wp-block-heading\">Emendas a este aviso de privacidade<\/h4>\n\n\n\n<p>N\u00f3s nos reservamos o direito de modificar ou atualizar este aviso de privacidade a qualquer momento. As modifica\u00e7\u00f5es ser\u00e3o disponibilizadas ao p\u00fablico por meio de nosso site.<\/p>\n\n\n\n<p>Se n\u00e3o concordarem com as modifica\u00e7\u00f5es publicadas no aviso de privacidade, as partes devem expressar isso por escrito enviando uma carta para madeguzman@fifarma.org ou para o endere\u00e7o da FIFARMA.<\/p>\n\n\n\n<div style=\"height:53px\" aria-hidden=\"true\" class=\"wp-block-spacer\"><\/div>\n\n\n\n<h4 class=\"wp-block-heading\">Contato<\/h4>\n\n\n\n<p>Voc\u00ea pode entrar em contato conosco, por escrito, em espanhol, dirigido a Mar\u00eda Alejandra De Guzm\u00e1n, por e-mail para o seguinte endere\u00e7o de e-mail: madeguzman@fifarma.org; ou por correio para o seguinte endere\u00e7o: Porfirio D\u00edaz No. 102, Colonia del Valle, CP 03100, Delegaci\u00f3n Benito Ju\u00e1rez na Cidade do M\u00e9xico.<\/p>\n\n    <div class=\"xs_social_share_widget xs_share_url after_content \t\tmain_content  wslu-style-1 wslu-share-box-shaped wslu-fill-colored wslu-none wslu-share-horizontal wslu-theme-font-no wslu-main_content\">\n\n\t\t\n        <ul>\n\t\t\t        <\/ul>\n    <\/div>","protected":false},"excerpt":{"rendered":"<p>Aviso de privacidad En cumplimiento a lo dispuesto en la Ley Federal de Protecci\u00f3n de Datos Personales en Posesi\u00f3n de los Particulares, ponemos a su disposici\u00f3n el presente Aviso de Privacidad en los siguientes t\u00e9rminos: Responsable de Protecci\u00f3n de Datos Personales La Federaci\u00f3n Latinoamericana de la Industria Farmac\u00e9utica, A.C. (FIFARMA) con oficinas ubicadas en Porfirio [&hellip;]<\/p>","protected":false},"author":24,"featured_media":0,"parent":0,"menu_order":0,"comment_status":"closed","ping_status":"open","template":"","meta":{"postBodyCss":"","postBodyMargin":[],"postBodyPadding":[],"postBodyBackground":{"backgroundType":"classic","gradient":""},"enableOnePageScrollInPage":false,"onePageScrollCss":"","onePageScrollSpeed":1000,"onePageScrollAnimation":"easeInOutQuad","onePageScrollShowDotNavigation":true,"onePageScrollNavigation":"scaleUp","onePageScrollNavigationPosition":"right","onePageScrollNavigationHorizontal":[],"onePageScrollNavigationVertical":[],"onePageScrollNavigationSpacing":[],"onePageScrollNavigationColor":"#00ff0d","onePageScrollNavigationColorHover":"#00ff0d","onePageScrollNavigationColorActive":"#00ff0d","onePageScrollNavigationIcon":[],"onePageScrollNavigationWidth":[],"onePageScrollNavigationWidthHover":[],"onePageScrollNavigationWidthActive":[],"onePageScrollNavigationHeight":[],"onePageScrollNavigationHeightHover":[],"onePageScrollNavigationHeightActive":[],"onePageScrollNavigationBorder":[],"onePageScrollNavigationBorderHover":[],"onePageScrollNavigationBorderActive":[],"onePageScrollNavigationBorderRadius":[],"onePageScrollNavigationBorderRadiusHover":[],"onePageScrollNavigationBorderRadiusActive":[],"onePageScrollNavigationTooltipTypography":[],"onePageScrollNavigationTooltipColor":"#ffffff","onePageScrollNavigationTooltipColorHover":"","onePageScrollNavigationTooltipBgColor":"#00ff0d","onePageScrollNavigationTooltipBgColorHover":"","onePageScrollNavigationTooltipPadding":[],"onePageScrollNavigationTooltipPaddingHover":[],"onePageScrollNavigationTooltipBorderRadius":[],"onePageScrollNavigationTooltipBorderRadiusHover":[],"pageSettingsCustomCss":"","footnotes":""},"class_list":["post-3","page","type-page","status-publish","hentry"],"yoast_head":"<!-- This site is optimized with the Yoast SEO Premium plugin v26.7 (Yoast SEO v27.5) - https:\/\/yoast.com\/product\/yoast-seo-premium-wordpress\/ -->\n<title>Pol\u00edtica de privacidad - FIFARMA<\/title>\n<meta name=\"robots\" content=\"index, follow, max-snippet:-1, max-image-preview:large, max-video-preview:-1\" \/>\n<link rel=\"canonical\" href=\"https:\/\/fifarma.org\/pt\/politica-de-privacidade\/\" \/>\n<meta property=\"og:locale\" content=\"pt_BR\" \/>\n<meta property=\"og:type\" content=\"article\" \/>\n<meta property=\"og:title\" content=\"Pol\u00edtica de privacidad\" \/>\n<meta property=\"og:description\" content=\"Aviso de privacidad En cumplimiento a lo dispuesto en la Ley Federal de Protecci\u00f3n de Datos Personales en Posesi\u00f3n de los Particulares, ponemos a su disposici\u00f3n el presente Aviso de Privacidad en los siguientes t\u00e9rminos: Responsable de Protecci\u00f3n de Datos Personales La Federaci\u00f3n Latinoamericana de la Industria Farmac\u00e9utica, A.C. (FIFARMA) con oficinas ubicadas en Porfirio [&hellip;]\" \/>\n<meta property=\"og:url\" content=\"https:\/\/fifarma.org\/pt\/politica-de-privacidade\/\" \/>\n<meta property=\"og:site_name\" content=\"FIFARMA\" \/>\n<meta property=\"article:modified_time\" content=\"2024-02-20T14:36:30+00:00\" \/>\n<meta name=\"twitter:card\" content=\"summary_large_image\" \/>\n<meta name=\"twitter:label1\" content=\"Est. tempo de leitura\" \/>\n\t<meta name=\"twitter:data1\" content=\"10 minutos\" \/>\n<script type=\"application\/ld+json\" class=\"yoast-schema-graph\">{\"@context\":\"https:\\\/\\\/schema.org\",\"@graph\":[{\"@type\":\"WebPage\",\"@id\":\"https:\\\/\\\/fifarma.org\\\/politica-privacidad\\\/\",\"url\":\"https:\\\/\\\/fifarma.org\\\/politica-privacidad\\\/\",\"name\":\"Pol\u00edtica de privacidad - FIFARMA\",\"isPartOf\":{\"@id\":\"https:\\\/\\\/fifarma.org\\\/#website\"},\"datePublished\":\"2022-10-03T13:13:17+00:00\",\"dateModified\":\"2024-02-20T14:36:30+00:00\",\"breadcrumb\":{\"@id\":\"https:\\\/\\\/fifarma.org\\\/politica-privacidad\\\/#breadcrumb\"},\"inLanguage\":\"pt-BR\",\"potentialAction\":[{\"@type\":\"ReadAction\",\"target\":[\"https:\\\/\\\/fifarma.org\\\/politica-privacidad\\\/\"]}]},{\"@type\":\"BreadcrumbList\",\"@id\":\"https:\\\/\\\/fifarma.org\\\/politica-privacidad\\\/#breadcrumb\",\"itemListElement\":[{\"@type\":\"ListItem\",\"position\":1,\"name\":\"Portada\",\"item\":\"https:\\\/\\\/fifarma.org\\\/\"},{\"@type\":\"ListItem\",\"position\":2,\"name\":\"Pol\u00edtica de privacidad\"}]},{\"@type\":\"WebSite\",\"@id\":\"https:\\\/\\\/fifarma.org\\\/#website\",\"url\":\"https:\\\/\\\/fifarma.org\\\/\",\"name\":\"FIFARMA\",\"description\":\"Federaci\u00f3n Latinoamericana de la Industria Farmac\u00e9utica\",\"publisher\":{\"@id\":\"https:\\\/\\\/fifarma.org\\\/#organization\"},\"potentialAction\":[{\"@type\":\"SearchAction\",\"target\":{\"@type\":\"EntryPoint\",\"urlTemplate\":\"https:\\\/\\\/fifarma.org\\\/?s={search_term_string}\"},\"query-input\":{\"@type\":\"PropertyValueSpecification\",\"valueRequired\":true,\"valueName\":\"search_term_string\"}}],\"inLanguage\":\"pt-BR\"},{\"@type\":\"Organization\",\"@id\":\"https:\\\/\\\/fifarma.org\\\/#organization\",\"name\":\"Fifarma\",\"alternateName\":\"Federaci\u00f3n Latinoamericana de la Industria Farmac\u00e9utica\",\"url\":\"https:\\\/\\\/fifarma.org\\\/\",\"logo\":{\"@type\":\"ImageObject\",\"inLanguage\":\"pt-BR\",\"@id\":\"https:\\\/\\\/fifarma.org\\\/#\\\/schema\\\/logo\\\/image\\\/\",\"url\":\"https:\\\/\\\/fifarma.org\\\/wp-content\\\/uploads\\\/2022\\\/10\\\/logo-fifarma.png\",\"contentUrl\":\"https:\\\/\\\/fifarma.org\\\/wp-content\\\/uploads\\\/2022\\\/10\\\/logo-fifarma.png\",\"width\":195,\"height\":39,\"caption\":\"Fifarma\"},\"image\":{\"@id\":\"https:\\\/\\\/fifarma.org\\\/#\\\/schema\\\/logo\\\/image\\\/\"}}]}<\/script>\n<!-- \/ Yoast SEO Premium plugin. -->","yoast_head_json":{"title":"Pol\u00edtica de privacidad - FIFARMA","robots":{"index":"index","follow":"follow","max-snippet":"max-snippet:-1","max-image-preview":"max-image-preview:large","max-video-preview":"max-video-preview:-1"},"canonical":"https:\/\/fifarma.org\/pt\/politica-de-privacidade\/","og_locale":"pt_BR","og_type":"article","og_title":"Pol\u00edtica de privacidad","og_description":"Aviso de privacidad En cumplimiento a lo dispuesto en la Ley Federal de Protecci\u00f3n de Datos Personales en Posesi\u00f3n de los Particulares, ponemos a su disposici\u00f3n el presente Aviso de Privacidad en los siguientes t\u00e9rminos: Responsable de Protecci\u00f3n de Datos Personales La Federaci\u00f3n Latinoamericana de la Industria Farmac\u00e9utica, A.C. (FIFARMA) con oficinas ubicadas en Porfirio [&hellip;]","og_url":"https:\/\/fifarma.org\/pt\/politica-de-privacidade\/","og_site_name":"FIFARMA","article_modified_time":"2024-02-20T14:36:30+00:00","twitter_card":"summary_large_image","twitter_misc":{"Est. tempo de leitura":"10 minutos"},"schema":{"@context":"https:\/\/schema.org","@graph":[{"@type":"WebPage","@id":"https:\/\/fifarma.org\/politica-privacidad\/","url":"https:\/\/fifarma.org\/politica-privacidad\/","name":"Pol\u00edtica de privacidad - FIFARMA","isPartOf":{"@id":"https:\/\/fifarma.org\/#website"},"datePublished":"2022-10-03T13:13:17+00:00","dateModified":"2024-02-20T14:36:30+00:00","breadcrumb":{"@id":"https:\/\/fifarma.org\/politica-privacidad\/#breadcrumb"},"inLanguage":"pt-BR","potentialAction":[{"@type":"ReadAction","target":["https:\/\/fifarma.org\/politica-privacidad\/"]}]},{"@type":"BreadcrumbList","@id":"https:\/\/fifarma.org\/politica-privacidad\/#breadcrumb","itemListElement":[{"@type":"ListItem","position":1,"name":"Portada","item":"https:\/\/fifarma.org\/"},{"@type":"ListItem","position":2,"name":"Pol\u00edtica de privacidad"}]},{"@type":"WebSite","@id":"https:\/\/fifarma.org\/#website","url":"https:\/\/fifarma.org\/","name":"FIFARMA","description":"Federaci\u00f3n Latinoamericana de la Industria Farmac\u00e9utica","publisher":{"@id":"https:\/\/fifarma.org\/#organization"},"potentialAction":[{"@type":"SearchAction","target":{"@type":"EntryPoint","urlTemplate":"https:\/\/fifarma.org\/?s={search_term_string}"},"query-input":{"@type":"PropertyValueSpecification","valueRequired":true,"valueName":"search_term_string"}}],"inLanguage":"pt-BR"},{"@type":"Organization","@id":"https:\/\/fifarma.org\/#organization","name":"Fifarma","alternateName":"Federaci\u00f3n Latinoamericana de la Industria Farmac\u00e9utica","url":"https:\/\/fifarma.org\/","logo":{"@type":"ImageObject","inLanguage":"pt-BR","@id":"https:\/\/fifarma.org\/#\/schema\/logo\/image\/","url":"https:\/\/fifarma.org\/wp-content\/uploads\/2022\/10\/logo-fifarma.png","contentUrl":"https:\/\/fifarma.org\/wp-content\/uploads\/2022\/10\/logo-fifarma.png","width":195,"height":39,"caption":"Fifarma"},"image":{"@id":"https:\/\/fifarma.org\/#\/schema\/logo\/image\/"}}]}},"_links":{"self":[{"href":"https:\/\/fifarma.org\/pt\/wp-json\/wp\/v2\/pages\/3","targetHints":{"allow":["GET"]}}],"collection":[{"href":"https:\/\/fifarma.org\/pt\/wp-json\/wp\/v2\/pages"}],"about":[{"href":"https:\/\/fifarma.org\/pt\/wp-json\/wp\/v2\/types\/page"}],"author":[{"embeddable":true,"href":"https:\/\/fifarma.org\/pt\/wp-json\/wp\/v2\/users\/24"}],"replies":[{"embeddable":true,"href":"https:\/\/fifarma.org\/pt\/wp-json\/wp\/v2\/comments?post=3"}],"version-history":[{"count":0,"href":"https:\/\/fifarma.org\/pt\/wp-json\/wp\/v2\/pages\/3\/revisions"}],"wp:attachment":[{"href":"https:\/\/fifarma.org\/pt\/wp-json\/wp\/v2\/media?parent=3"}],"curies":[{"name":"wp","href":"https:\/\/api.w.org\/{rel}","templated":true}]}}